{"id":97639,"date":"2026-09-01T12:10:34","date_gmt":"2026-09-01T16:10:34","guid":{"rendered":"https:\/\/hungariancleveland.org\/?post_type=tribe_events&#038;p=97639"},"modified":"2026-09-01T12:11:58","modified_gmt":"2026-09-01T16:11:58","slug":"commemoration-of-1956-revolution-and-freedom-fight-70th-anniversary-megemlekezes-az-1956-os-forradalom-es-szabadsagharcrol-70-evfordulo","status":"publish","type":"tribe_events","link":"https:\/\/hungariancleveland.org\/hu\/event\/commemoration-of-1956-revolution-and-freedom-fight-70th-anniversary-megemlekezes-az-1956-os-forradalom-es-szabadsagharcrol-70-evfordulo\/","title":{"rendered":"Commemoration of the 1956 Revolution and Freedom Fight (70th Anniversary) \/ Megeml\u00e9kez\u00e9s az 1956-os Forradalom \u00e9s Szabads\u00e1gharcr\u00f3l (70 \u00c9vfordul\u00f3)"},"content":{"rendered":"<p>K\u00e9rj\u00fck, tartson vel\u00fcnk, hogy egy\u00fctt eml\u00e9kezz\u00fcnk \u00e9s tisztelegj\u00fcnk az 1956-os forradalom \u00e9s szabads\u00e1gharc h\u0151sei \u00e9s \u00f6r\u00f6ks\u00e9ge el\u0151tt. 2026 okt\u00f3ber 18-\u00e1n d\u00e9lut\u00e1n 3 \u00f3rai kezdettel v\u00e1runk szeretettel minden kedves \u00e9rdekl\u0151d\u0151t a Nyugat Oldaldi Reform\u00e1tus Templomba.<\/p>\n<p>Please join us as we remember and honor the heroes and legacy of the 1956 Hungarian Revolution and Freedom Fight. The solemn commemoration will be held on Sunday, October 18 at 3 P.M. at the West Side Hungarian Reformed Church.<\/p>\n","protected":false},"excerpt":{"rendered":"<p>K\u00e9rj\u00fck, tartson vel\u00fcnk, hogy egy\u00fctt eml\u00e9kezz\u00fcnk \u00e9s tisztelegj\u00fcnk az 1956-os forradalom \u00e9s szabads\u00e1gharc h\u0151sei \u00e9s \u00f6r\u00f6ks\u00e9ge el\u0151tt. 2026 okt\u00f3ber 18-\u00e1n d\u00e9lut\u00e1n 3 \u00f3rai kezdettel v\u00e1runk szeretettel minden kedves \u00e9rdekl\u0151d\u0151t a [&hellip;]<\/p>\n","protected":false},"author":9,"featured_media":97640,"template":"","meta":{"_et_pb_use_builder":"","_et_pb_old_content":"","_et_gb_content_width":"","_tribe_events_status":"","_tribe_events_status_reason":"","footnotes":""},"tags":[],"tribe_events_cat":[],"class_list":["post-97639","tribe_events","type-tribe_events","status-publish","has-post-thumbnail","hentry"],"yoast_head":"<!-- This site is optimized with the Yoast SEO plugin v28.2 - https:\/\/yoast.com\/product\/yoast-seo-wordpress\/ -->\n<title>Commemoration of the 1956 Revolution and Freedom Fight (70th Anniversary) \/ Megeml\u00e9kez\u00e9s az 1956-os Forradalom \u00e9s Szabads\u00e1gharcr\u00f3l (70 \u00c9vfordul\u00f3) - United Hungarian Societies<\/title>\n<meta name=\"robots\" content=\"index, follow, max-snippet:-1, max-image-preview:large, max-video-preview:-1\" \/>\n<link rel=\"canonical\" href=\"https:\/\/hungariancleveland.org\/hu\/event\/commemoration-of-1956-revolution-and-freedom-fight-70th-anniversary-megemlekezes-az-1956-os-forradalom-es-szabadsagharcrol-70-evfordulo\/\" \/>\n<meta property=\"og:locale\" content=\"hu_HU\" \/>\n<meta property=\"og:type\" content=\"article\" \/>\n<meta property=\"og:title\" content=\"Commemoration of the 1956 Revolution and Freedom Fight (70th Anniversary) \/ Megeml\u00e9kez\u00e9s az 1956-os Forradalom \u00e9s Szabads\u00e1gharcr\u00f3l (70 \u00c9vfordul\u00f3) - United Hungarian Societies\" \/>\n<meta property=\"og:description\" content=\"K\u00e9rj\u00fck, tartson vel\u00fcnk, hogy egy\u00fctt eml\u00e9kezz\u00fcnk \u00e9s tisztelegj\u00fcnk az 1956-os forradalom \u00e9s szabads\u00e1gharc h\u0151sei \u00e9s \u00f6r\u00f6ks\u00e9ge el\u0151tt. 2026 okt\u00f3ber 18-\u00e1n d\u00e9lut\u00e1n 3 \u00f3rai kezdettel v\u00e1runk szeretettel minden kedves \u00e9rdekl\u0151d\u0151t a [&hellip;]\" \/>\n<meta property=\"og:url\" content=\"https:\/\/hungariancleveland.org\/hu\/event\/commemoration-of-1956-revolution-and-freedom-fight-70th-anniversary-megemlekezes-az-1956-os-forradalom-es-szabadsagharcrol-70-evfordulo\/\" \/>\n<meta property=\"og:site_name\" content=\"United Hungarian Societies\" \/>\n<meta property=\"article:modified_time\" content=\"2026-09-01T16:11:58+00:00\" \/>\n<meta property=\"og:image\" content=\"https:\/\/hungariancleveland.org\/wp-content\/uploads\/2026\/09\/a3bb62b518069e36a8ba38c1016a40cf.jpeg\" \/>\n\t<meta property=\"og:image:width\" content=\"1536\" \/>\n\t<meta property=\"og:image:height\" content=\"1024\" \/>\n\t<meta property=\"og:image:type\" content=\"image\/jpeg\" \/>\n<meta name=\"twitter:card\" content=\"summary_large_image\" \/>\n<meta name=\"twitter:label1\" content=\"Becs\u00fclt olvas\u00e1si id\u0151\" \/>\n\t<meta name=\"twitter:data1\" content=\"1 perc\" \/>\n<script type=\"application\/ld+json\" class=\"yoast-schema-graph\">{\"@context\":\"https:\\\/\\\/schema.org\",\"@graph\":[{\"@type\":\"WebPage\",\"@id\":\"https:\\\/\\\/hungariancleveland.org\\\/hu\\\/event\\\/commemoration-of-1956-revolution-and-freedom-fight-70th-anniversary-megemlekezes-az-1956-os-forradalom-es-szabadsagharcrol-70-evfordulo\\\/\",\"url\":\"https:\\\/\\\/hungariancleveland.org\\\/hu\\\/event\\\/commemoration-of-1956-revolution-and-freedom-fight-70th-anniversary-megemlekezes-az-1956-os-forradalom-es-szabadsagharcrol-70-evfordulo\\\/\",\"name\":\"Commemoration of the 1956 Revolution and Freedom Fight (70th Anniversary) \\\/ Megeml\u00e9kez\u00e9s az 1956-os Forradalom \u00e9s Szabads\u00e1gharcr\u00f3l (70 \u00c9vfordul\u00f3) - United Hungarian Societies\",\"isPartOf\":{\"@id\":\"https:\\\/\\\/hungariancleveland.org\\\/hu\\\/#website\"},\"primaryImageOfPage\":{\"@id\":\"https:\\\/\\\/hungariancleveland.org\\\/hu\\\/event\\\/commemoration-of-1956-revolution-and-freedom-fight-70th-anniversary-megemlekezes-az-1956-os-forradalom-es-szabadsagharcrol-70-evfordulo\\\/#primaryimage\"},\"image\":{\"@id\":\"https:\\\/\\\/hungariancleveland.org\\\/hu\\\/event\\\/commemoration-of-1956-revolution-and-freedom-fight-70th-anniversary-megemlekezes-az-1956-os-forradalom-es-szabadsagharcrol-70-evfordulo\\\/#primaryimage\"},\"thumbnailUrl\":\"https:\\\/\\\/hungariancleveland.org\\\/wp-content\\\/uploads\\\/2026\\\/09\\\/a3bb62b518069e36a8ba38c1016a40cf.jpeg\",\"datePublished\":\"2026-09-01T16:10:34+00:00\",\"dateModified\":\"2026-09-01T16:11:58+00:00\",\"breadcrumb\":{\"@id\":\"https:\\\/\\\/hungariancleveland.org\\\/hu\\\/event\\\/commemoration-of-1956-revolution-and-freedom-fight-70th-anniversary-megemlekezes-az-1956-os-forradalom-es-szabadsagharcrol-70-evfordulo\\\/#breadcrumb\"},\"inLanguage\":\"hu\",\"potentialAction\":[{\"@type\":\"ReadAction\",\"target\":[\"https:\\\/\\\/hungariancleveland.org\\\/hu\\\/event\\\/commemoration-of-1956-revolution-and-freedom-fight-70th-anniversary-megemlekezes-az-1956-os-forradalom-es-szabadsagharcrol-70-evfordulo\\\/\"]}]},{\"@type\":\"ImageObject\",\"inLanguage\":\"hu\",\"@id\":\"https:\\\/\\\/hungariancleveland.org\\\/hu\\\/event\\\/commemoration-of-1956-revolution-and-freedom-fight-70th-anniversary-megemlekezes-az-1956-os-forradalom-es-szabadsagharcrol-70-evfordulo\\\/#primaryimage\",\"url\":\"https:\\\/\\\/hungariancleveland.org\\\/wp-content\\\/uploads\\\/2026\\\/09\\\/a3bb62b518069e36a8ba38c1016a40cf.jpeg\",\"contentUrl\":\"https:\\\/\\\/hungariancleveland.org\\\/wp-content\\\/uploads\\\/2026\\\/09\\\/a3bb62b518069e36a8ba38c1016a40cf.jpeg\",\"width\":1536,\"height\":1024},{\"@type\":\"BreadcrumbList\",\"@id\":\"https:\\\/\\\/hungariancleveland.org\\\/hu\\\/event\\\/commemoration-of-1956-revolution-and-freedom-fight-70th-anniversary-megemlekezes-az-1956-os-forradalom-es-szabadsagharcrol-70-evfordulo\\\/#breadcrumb\",\"itemListElement\":[{\"@type\":\"ListItem\",\"position\":1,\"name\":\"Home\",\"item\":\"https:\\\/\\\/hungariancleveland.org\\\/hu\\\/\"},{\"@type\":\"ListItem\",\"position\":2,\"name\":\"Esem\u00e9nyek\",\"item\":\"https:\\\/\\\/hungariancleveland.org\\\/hu\\\/eme-events\\\/\"},{\"@type\":\"ListItem\",\"position\":3,\"name\":\"Commemoration of the 1956 Revolution and Freedom Fight (70th Anniversary) \\\/ Megeml\u00e9kez\u00e9s az 1956-os Forradalom \u00e9s Szabads\u00e1gharcr\u00f3l (70 \u00c9vfordul\u00f3)\"}]},{\"@type\":\"WebSite\",\"@id\":\"https:\\\/\\\/hungariancleveland.org\\\/hu\\\/#website\",\"url\":\"https:\\\/\\\/hungariancleveland.org\\\/hu\\\/\",\"name\":\"United Hungarian Societies\",\"description\":\"n umbrella organization that unites the Greater Cleveland area Hungarian-American organizations\",\"potentialAction\":[{\"@type\":\"SearchAction\",\"target\":{\"@type\":\"EntryPoint\",\"urlTemplate\":\"https:\\\/\\\/hungariancleveland.org\\\/hu\\\/?s={search_term_string}\"},\"query-input\":{\"@type\":\"PropertyValueSpecification\",\"valueRequired\":true,\"valueName\":\"search_term_string\"}}],\"inLanguage\":\"hu\"}]}<\/script>\n<!-- \/ Yoast SEO plugin. -->","yoast_head_json":{"title":"Commemoration of the 1956 Revolution and Freedom Fight (70th Anniversary) \/ Megeml\u00e9kez\u00e9s az 1956-os Forradalom \u00e9s Szabads\u00e1gharcr\u00f3l (70 \u00c9vfordul\u00f3) - United Hungarian Societies","robots":{"index":"index","follow":"follow","max-snippet":"max-snippet:-1","max-image-preview":"max-image-preview:large","max-video-preview":"max-video-preview:-1"},"canonical":"https:\/\/hungariancleveland.org\/hu\/event\/commemoration-of-1956-revolution-and-freedom-fight-70th-anniversary-megemlekezes-az-1956-os-forradalom-es-szabadsagharcrol-70-evfordulo\/","og_locale":"hu_HU","og_type":"article","og_title":"Commemoration of the 1956 Revolution and Freedom Fight (70th Anniversary) \/ Megeml\u00e9kez\u00e9s az 1956-os Forradalom \u00e9s Szabads\u00e1gharcr\u00f3l (70 \u00c9vfordul\u00f3) - United Hungarian Societies","og_description":"K\u00e9rj\u00fck, tartson vel\u00fcnk, hogy egy\u00fctt eml\u00e9kezz\u00fcnk \u00e9s tisztelegj\u00fcnk az 1956-os forradalom \u00e9s szabads\u00e1gharc h\u0151sei \u00e9s \u00f6r\u00f6ks\u00e9ge el\u0151tt. 2026 okt\u00f3ber 18-\u00e1n d\u00e9lut\u00e1n 3 \u00f3rai kezdettel v\u00e1runk szeretettel minden kedves \u00e9rdekl\u0151d\u0151t a [&hellip;]","og_url":"https:\/\/hungariancleveland.org\/hu\/event\/commemoration-of-1956-revolution-and-freedom-fight-70th-anniversary-megemlekezes-az-1956-os-forradalom-es-szabadsagharcrol-70-evfordulo\/","og_site_name":"United Hungarian Societies","article_modified_time":"2026-09-01T16:11:58+00:00","og_image":[{"width":1536,"height":1024,"url":"https:\/\/hungariancleveland.org\/wp-content\/uploads\/2026\/09\/a3bb62b518069e36a8ba38c1016a40cf.jpeg","type":"image\/jpeg"}],"twitter_card":"summary_large_image","twitter_misc":{"Becs\u00fclt olvas\u00e1si id\u0151":"1 perc"},"schema":{"@context":"https:\/\/schema.org","@graph":[{"@type":"WebPage","@id":"https:\/\/hungariancleveland.org\/hu\/event\/commemoration-of-1956-revolution-and-freedom-fight-70th-anniversary-megemlekezes-az-1956-os-forradalom-es-szabadsagharcrol-70-evfordulo\/","url":"https:\/\/hungariancleveland.org\/hu\/event\/commemoration-of-1956-revolution-and-freedom-fight-70th-anniversary-megemlekezes-az-1956-os-forradalom-es-szabadsagharcrol-70-evfordulo\/","name":"Commemoration of the 1956 Revolution and Freedom Fight (70th Anniversary) \/ Megeml\u00e9kez\u00e9s az 1956-os Forradalom \u00e9s Szabads\u00e1gharcr\u00f3l (70 \u00c9vfordul\u00f3) - United Hungarian Societies","isPartOf":{"@id":"https:\/\/hungariancleveland.org\/hu\/#website"},"primaryImageOfPage":{"@id":"https:\/\/hungariancleveland.org\/hu\/event\/commemoration-of-1956-revolution-and-freedom-fight-70th-anniversary-megemlekezes-az-1956-os-forradalom-es-szabadsagharcrol-70-evfordulo\/#primaryimage"},"image":{"@id":"https:\/\/hungariancleveland.org\/hu\/event\/commemoration-of-1956-revolution-and-freedom-fight-70th-anniversary-megemlekezes-az-1956-os-forradalom-es-szabadsagharcrol-70-evfordulo\/#primaryimage"},"thumbnailUrl":"https:\/\/hungariancleveland.org\/wp-content\/uploads\/2026\/09\/a3bb62b518069e36a8ba38c1016a40cf.jpeg","datePublished":"2026-09-01T16:10:34+00:00","dateModified":"2026-09-01T16:11:58+00:00","breadcrumb":{"@id":"https:\/\/hungariancleveland.org\/hu\/event\/commemoration-of-1956-revolution-and-freedom-fight-70th-anniversary-megemlekezes-az-1956-os-forradalom-es-szabadsagharcrol-70-evfordulo\/#breadcrumb"},"inLanguage":"hu","potentialAction":[{"@type":"ReadAction","target":["https:\/\/hungariancleveland.org\/hu\/event\/commemoration-of-1956-revolution-and-freedom-fight-70th-anniversary-megemlekezes-az-1956-os-forradalom-es-szabadsagharcrol-70-evfordulo\/"]}]},{"@type":"ImageObject","inLanguage":"hu","@id":"https:\/\/hungariancleveland.org\/hu\/event\/commemoration-of-1956-revolution-and-freedom-fight-70th-anniversary-megemlekezes-az-1956-os-forradalom-es-szabadsagharcrol-70-evfordulo\/#primaryimage","url":"https:\/\/hungariancleveland.org\/wp-content\/uploads\/2026\/09\/a3bb62b518069e36a8ba38c1016a40cf.jpeg","contentUrl":"https:\/\/hungariancleveland.org\/wp-content\/uploads\/2026\/09\/a3bb62b518069e36a8ba38c1016a40cf.jpeg","width":1536,"height":1024},{"@type":"BreadcrumbList","@id":"https:\/\/hungariancleveland.org\/hu\/event\/commemoration-of-1956-revolution-and-freedom-fight-70th-anniversary-megemlekezes-az-1956-os-forradalom-es-szabadsagharcrol-70-evfordulo\/#breadcrumb","itemListElement":[{"@type":"ListItem","position":1,"name":"Home","item":"https:\/\/hungariancleveland.org\/hu\/"},{"@type":"ListItem","position":2,"name":"Esem\u00e9nyek","item":"https:\/\/hungariancleveland.org\/hu\/eme-events\/"},{"@type":"ListItem","position":3,"name":"Commemoration of the 1956 Revolution and Freedom Fight (70th Anniversary) \/ Megeml\u00e9kez\u00e9s az 1956-os Forradalom \u00e9s Szabads\u00e1gharcr\u00f3l (70 \u00c9vfordul\u00f3)"}]},{"@type":"WebSite","@id":"https:\/\/hungariancleveland.org\/hu\/#website","url":"https:\/\/hungariancleveland.org\/hu\/","name":"United Hungarian Societies","description":"n umbrella organization that unites the Greater Cleveland area Hungarian-American organizations","potentialAction":[{"@type":"SearchAction","target":{"@type":"EntryPoint","urlTemplate":"https:\/\/hungariancleveland.org\/hu\/?s={search_term_string}"},"query-input":{"@type":"PropertyValueSpecification","valueRequired":true,"valueName":"search_term_string"}}],"inLanguage":"hu"}]}},"_links":{"self":[{"href":"https:\/\/hungariancleveland.org\/hu\/wp-json\/wp\/v2\/tribe_events\/97639","targetHints":{"allow":["GET"]}}],"collection":[{"href":"https:\/\/hungariancleveland.org\/hu\/wp-json\/wp\/v2\/tribe_events"}],"about":[{"href":"https:\/\/hungariancleveland.org\/hu\/wp-json\/wp\/v2\/types\/tribe_events"}],"author":[{"embeddable":true,"href":"https:\/\/hungariancleveland.org\/hu\/wp-json\/wp\/v2\/users\/9"}],"version-history":[{"count":3,"href":"https:\/\/hungariancleveland.org\/hu\/wp-json\/wp\/v2\/tribe_events\/97639\/revisions"}],"predecessor-version":[{"id":97643,"href":"https:\/\/hungariancleveland.org\/hu\/wp-json\/wp\/v2\/tribe_events\/97639\/revisions\/97643"}],"wp:featuredmedia":[{"embeddable":true,"href":"https:\/\/hungariancleveland.org\/hu\/wp-json\/wp\/v2\/media\/97640"}],"wp:attachment":[{"href":"https:\/\/hungariancleveland.org\/hu\/wp-json\/wp\/v2\/media?parent=97639"}],"wp:term":[{"taxonomy":"post_tag","embeddable":true,"href":"https:\/\/hungariancleveland.org\/hu\/wp-json\/wp\/v2\/tags?post=97639"},{"taxonomy":"tribe_events_cat","embeddable":true,"href":"https:\/\/hungariancleveland.org\/hu\/wp-json\/wp\/v2\/tribe_events_cat?post=97639"}],"curies":[{"name":"wp","href":"https:\/\/api.w.org\/{rel}","templated":true}]}}