{"id":45828,"date":"2019-07-12T15:59:40","date_gmt":"2019-07-12T19:59:40","guid":{"rendered":"http:\/\/hungariancleveland.org\/?page_id=45828\/"},"modified":"2019-07-12T15:59:40","modified_gmt":"2019-07-12T19:59:40","slug":"kossuth-szobor","status":"publish","type":"page","link":"https:\/\/hungariancleveland.org\/hu\/kossuth-szobor\/","title":{"rendered":"Kossuth Lajos szobra Clevelandben"},"content":{"rendered":"<h3>Pictures and a Commemorative Book in Hungarian from the 1985 Restoration<\/h3>\n<div id=\"attachment_45819\" style=\"width: 1034px\" class=\"wp-caption aligncenter\"><a href=\"https:\/\/hungariancleveland.org\/wp-content\/uploads\/2019\/07\/Lajos-Kossuth-Statue-in-Cleveland.jpg\"><img loading=\"lazy\" decoding=\"async\" aria-describedby=\"caption-attachment-45819\" class=\"size-large wp-image-45819\" src=\"https:\/\/hungariancleveland.org\/wp-content\/uploads\/2019\/07\/Lajos-Kossuth-Statue-in-Cleveland-1024x701.jpg\" alt=\"\" width=\"1024\" height=\"701\" srcset=\"https:\/\/hungariancleveland.org\/wp-content\/uploads\/2019\/07\/Lajos-Kossuth-Statue-in-Cleveland-1024x701.jpg 1024w, https:\/\/hungariancleveland.org\/wp-content\/uploads\/2019\/07\/Lajos-Kossuth-Statue-in-Cleveland-300x205.jpg 300w, https:\/\/hungariancleveland.org\/wp-content\/uploads\/2019\/07\/Lajos-Kossuth-Statue-in-Cleveland-768x526.jpg 768w, https:\/\/hungariancleveland.org\/wp-content\/uploads\/2019\/07\/Lajos-Kossuth-Statue-in-Cleveland-1536x1052.jpg 1536w, https:\/\/hungariancleveland.org\/wp-content\/uploads\/2019\/07\/Lajos-Kossuth-Statue-in-Cleveland-2048x1403.jpg 2048w\" sizes=\"(max-width: 1024px) 100vw, 1024px\" \/><\/a><p id=\"caption-attachment-45819\" class=\"wp-caption-text\">A clevelandi Kossuth-szobor leleplez\u00e9si \u00fcnnep\u00e9lye (K\u00f6z\u00e9pen \u00e1ll a sz\u00f3noki asztaln\u00e1l Johnson, Cleveland polg\u00e1rmestere, t\u00f5le jobbra Cerri olasz,konzul \u00fcl, mellette Perczel Lajos a szoborbizotts\u00e1g eln\u00f6ke \u00e1ll m\u00f6g\u00f6tte Zseni J\u00f3zsef, a kett\u00f5 k\u00f6z\u00f6tt Black C. J\u00f3zsef az eml\u00e9k\u00fcnnep eln\u00f6ke. A polg\u00e1rmestert\u0151l balra Csutoros Elek clevelandi ref. lelk\u00e9sz \u00e1ll el\u0151tte Nash, Ohio \u00e1llam korm\u00e1nyz\u00f3ja \u00fcl, ut\u00e1na balra Hanna szen\u00e1tor \u00e9s James Barnett t\u00e1bornok \u00fcl.)<\/p><\/div>\n<p align=\"justify\"><b>K\u00e9pal\u00e1\u00edr\u00e1s:\u00a0<\/b>A clevelandi Kossuth-szobor leleplez\u00e9si \u00fcnnep\u00e9lye<\/p>\n<p class=\"style1\">(K\u00f6z\u00e9pen \u00e1ll a sz\u00f3noki asztaln\u00e1l Johnson, Cleveland polg\u00e1rmestere, t\u0151le jobbra Cerri olasz,konzul \u00fcl, mellette Perczel Lajos a szoborbizotts\u00e1g eln\u00f6ke \u00e1ll m\u00f6g\u00f6tte Zseni J\u00f3zsef, a kett\u0151 k\u00f6z\u00f6tt Black C. J\u00f3zsef az eml\u00e9k\u00fcnnep eln\u00f6ke. A polg\u00e1rmestert\u0151l balra Csutoros Elek clevelandi ref. lelk\u00e9sz \u00e1ll el\u0151tte Nash, Ohio \u00e1llam korm\u00e1nyz\u00f3ja \u00fcl, ut\u00e1na balra Hanna szen\u00e1tor \u00e9s James Barnett t\u00e1bornok \u00fcl.)<\/p>\n<p class=\"style1\"><b>Ismertet\u0151 sz\u00f6veg:\u00a0<\/b>Sok ezer emberb\u0151l \u00e1llott a hatalmas menet, mely a leleplez\u00e9sre rendezett sorokban megindult, k\u00f6zte d\u00edszruh\u00e1s magyarok l\u00f3h\u00e1ton, feh\u00e9rbe \u00f6lt\u00f6z\u00f6tt le\u00e1nyok, amerikai el\u0151kel\u0151s\u00e9gek nagysz\u00e1m\u00fa kocsikon, sz\u00e1mtalan egyes\u00fclet z\u00e1szl\u00f3ik alatt, k\u00f6zt\u00fck \u00f6t olasz egylet s a n\u00e9met veter\u00e1nok csapata. Sz\u00f3lott a zene minden\u00fctt, zengett a magyar \u00e9s amerikai himnusz.<br \/>\nA szoborn\u00e1l Perczel Lajos megnyit\u00f3 besz\u00e9de ut\u00e1n az agg James Barnett amerikai t\u00e1bornok sz\u00f3lott a k\u00f6z\u00f6ns\u00e9ghez, lelkesen magasztalv\u00e1n Kossuthot s boldognak mondta mag\u00e1t, hogy valaha \u0151 is hallotta a magyar nemzet eme nagy fi\u00e1t sz\u00f3nokolni. Azut\u00e1n Charles P. Salen, a k\u00f6zmunk\u00e1k igazgat\u00f3ja \u00fcdv\u00f6z\u00f6lte Cleveland v\u00e1ros nev\u00e9ben az egybegy\u0171lteket, mire az egyik zenekar j\u00e1t\u00e9ka ut\u00e1n Ch. F. Thwing, az egyetem nagyh\u00edr\u0171 igazgat\u00f3ja tartott lelkes besz\u00e9det. Azt mondotta a t\u00f6bbi k\u00f6z\u00f6tt, hogy a magyar himnusz szavait nem \u00e9rtette ugyan, de l\u00e1tta, hogy k\u00f6ny sz\u00f6k\u00f6tt a magyarok szem\u00e9be.<\/p>\n<p><em>(Forr\u00e1s: Vas\u00e1rnapi Ujs\u00e1g, 1902. november 2.) Internet:\u00a0<\/em><a class=\"auto-style17\" href=\"http:\/\/keptar.oszk.hu\/html\/kepoldal\/index.phtml?id=066618\"><em>A clevelandi Kossuth-szobor leleplez\u00e9si \u00fcnnep\u00e9lye<\/em><\/a><\/p>\n<p><span class=\"auto-style18\">Kossuth Statue in Cleveland&#8217;s University Circle<\/span><br \/>\nnext to the Case Western Reserve University Campus:<br \/>\n<a href=\"https:\/\/hungariancleveland.org\/wp-content\/uploads\/2019\/07\/Kossuth-statue-Cleveland.jpg\"><img loading=\"lazy\" decoding=\"async\" class=\"aligncenter size-full wp-image-45820\" src=\"https:\/\/hungariancleveland.org\/wp-content\/uploads\/2019\/07\/Kossuth-statue-Cleveland.jpg\" alt=\"\" width=\"450\" height=\"619\" srcset=\"https:\/\/hungariancleveland.org\/wp-content\/uploads\/2019\/07\/Kossuth-statue-Cleveland.jpg 450w, https:\/\/hungariancleveland.org\/wp-content\/uploads\/2019\/07\/Kossuth-statue-Cleveland-218x300.jpg 218w\" sizes=\"(max-width: 450px) 100vw, 450px\" \/><\/a><\/p>\n<p><span class=\"style4\"><strong><span style=\"font-size: x-large;\">Commemorative Book in Hungarian from the 1985 Restoration<\/span><br \/>\n<\/strong><a href=\"https:\/\/drive.google.com\/file\/d\/1CtfF4htkxYThI5W9rEdye1PUW8rKPXCE\/view?usp=sharing\">Kossuth Szobor Eml\u00e9kk\u00f6nyv<\/a>\u00a0(searchable PDF)<\/span><\/p>\n<p><span class=\"auto-style18\">Kossuth Select Speeches<\/span><br class=\"auto-style18\" \/><a href=\"https:\/\/drive.google.com\/file\/d\/1I9o3swdivqJsX5h0ZLnCU_7vs7gjTrGa\/view?usp=sharing\">Kossuth speeches book\u00a0<\/a>(PDF)<\/p>\n<p><span class=\"auto-style18\">Lajos Kossuth Remembered at His Statue in Cleveland<\/span><br class=\"auto-style18\" \/><a href=\"https:\/\/hungariancleveland.org\/wp-content\/uploads\/2019\/07\/Lajos-Kossuth-remembered-at-his-statue-in-Cleveland-Lel-Somogyi-20180929.pdf\">A short speech by L\u00e9l F. Somogyi<\/a>\u00a0on 9\/29\/2018<\/p>\n<p><span class=\"auto-style18\">Lajos Kossuth Statue in Cleveland, Why Kossuth is Great,<br \/>\nand Hungarian Organization Ties<\/span><br class=\"auto-style18\" \/><a href=\"https:\/\/hungariancleveland.org\/wp-content\/uploads\/2019\/07\/Lajos-Kossuth-statue-in-Cleveland-and-Hungarian-organization-ties-Lel-Somogyi-20180929.pdf\">Thoughts on Kossuth in a speech by L\u00e9l F. Somogyi on 9-29-2018<\/a><\/p>\n<p><iframe loading=\"lazy\" title=\"Kossuth commemoration speech in Cleveland by L\u00e9l Somogyi 20180929\" width=\"1080\" height=\"608\" src=\"https:\/\/www.youtube.com\/embed\/on-rEY0m3C4?feature=oembed\" frameborder=\"0\" allow=\"accelerometer; autoplay; clipboard-write; encrypted-media; gyroscope; picture-in-picture\" allowfullscreen><\/iframe><\/p>\n<p><span class=\"auto-style19\"><strong>Kossuth Commemoration 2018<\/strong><\/span><\/p>\n<p><a href=\"https:\/\/hungariancleveland.org\/wp-content\/uploads\/2019\/07\/Kossuth-Commemoration-9-29-18-magyar-final-by-Fazekas-scaled-1.jpg\"><img loading=\"lazy\" decoding=\"async\" class=\"aligncenter size-large wp-image-45823\" src=\"http:\/\/yourslateroofer.com\/wp-content\/uploads\/2019\/07\/Kossuth-Commemoration-9-29-18-magyar-final-by-Fazekas-820x1024.jpg\" alt=\"\" width=\"820\" height=\"1024\" \/><\/a><\/p>\n","protected":false},"excerpt":{"rendered":"<p>Pictures and a Commemorative Book in Hungarian from the 1985 Restoration K\u00e9pal\u00e1\u00edr\u00e1s:\u00a0A clevelandi Kossuth-szobor leleplez\u00e9si \u00fcnnep\u00e9lye (K\u00f6z\u00e9pen \u00e1ll a sz\u00f3noki asztaln\u00e1l Johnson, Cleveland polg\u00e1rmestere, t\u0151le jobbra Cerri olasz,konzul \u00fcl, mellette [&hellip;]<\/p>\n","protected":false},"author":1,"featured_media":91244,"parent":0,"menu_order":0,"comment_status":"closed","ping_status":"closed","template":"","meta":{"_et_pb_use_builder":"","_et_pb_old_content":"","_et_gb_content_width":"","footnotes":""},"class_list":["post-45828","page","type-page","status-publish","has-post-thumbnail","hentry"],"yoast_head":"<!-- This site is optimized with the Yoast SEO plugin v26.9 - https:\/\/yoast.com\/product\/yoast-seo-wordpress\/ -->\n<title>Kossuth Lajos szobra Clevelandben - United Hungarian Societies<\/title>\n<meta name=\"robots\" content=\"index, follow, max-snippet:-1, max-image-preview:large, max-video-preview:-1\" \/>\n<link rel=\"canonical\" href=\"https:\/\/hungariancleveland.org\/hu\/kossuth-szobor\/\" \/>\n<meta property=\"og:locale\" content=\"hu_HU\" \/>\n<meta property=\"og:type\" content=\"article\" \/>\n<meta property=\"og:title\" content=\"Kossuth Lajos szobra Clevelandben - United Hungarian Societies\" \/>\n<meta property=\"og:description\" content=\"Pictures and a Commemorative Book in Hungarian from the 1985 Restoration K\u00e9pal\u00e1\u00edr\u00e1s:\u00a0A clevelandi Kossuth-szobor leleplez\u00e9si \u00fcnnep\u00e9lye (K\u00f6z\u00e9pen \u00e1ll a sz\u00f3noki asztaln\u00e1l Johnson, Cleveland polg\u00e1rmestere, t\u0151le jobbra Cerri olasz,konzul \u00fcl, mellette [&hellip;]\" \/>\n<meta property=\"og:url\" content=\"https:\/\/hungariancleveland.org\/hu\/kossuth-szobor\/\" \/>\n<meta property=\"og:site_name\" content=\"United Hungarian Societies\" \/>\n<meta property=\"og:image\" content=\"https:\/\/hungariancleveland.org\/wp-content\/uploads\/2019\/07\/Lajos-Kossuth-Statue-in-Cleveland.jpg\" \/>\n\t<meta property=\"og:image:width\" content=\"2263\" \/>\n\t<meta property=\"og:image:height\" content=\"1550\" \/>\n\t<meta property=\"og:image:type\" content=\"image\/jpeg\" \/>\n<meta name=\"twitter:card\" content=\"summary_large_image\" \/>\n<meta name=\"twitter:label1\" content=\"Becs\u00fclt olvas\u00e1si id\u0151\" \/>\n\t<meta name=\"twitter:data1\" content=\"2 perc\" \/>\n<script type=\"application\/ld+json\" class=\"yoast-schema-graph\">{\"@context\":\"https:\/\/schema.org\",\"@graph\":[{\"@type\":\"WebPage\",\"@id\":\"https:\/\/hungariancleveland.org\/hu\/kossuth-szobor\/\",\"url\":\"https:\/\/hungariancleveland.org\/hu\/kossuth-szobor\/\",\"name\":\"Kossuth Lajos szobra Clevelandben - United Hungarian Societies\",\"isPartOf\":{\"@id\":\"https:\/\/hungariancleveland.org\/hu\/#website\"},\"primaryImageOfPage\":{\"@id\":\"https:\/\/hungariancleveland.org\/hu\/kossuth-szobor\/#primaryimage\"},\"image\":{\"@id\":\"https:\/\/hungariancleveland.org\/hu\/kossuth-szobor\/#primaryimage\"},\"thumbnailUrl\":\"https:\/\/hungariancleveland.org\/wp-content\/uploads\/2019\/07\/Lajos-Kossuth-Statue-in-Cleveland-1.jpg\",\"datePublished\":\"2019-07-12T19:59:40+00:00\",\"breadcrumb\":{\"@id\":\"https:\/\/hungariancleveland.org\/hu\/kossuth-szobor\/#breadcrumb\"},\"inLanguage\":\"hu\",\"potentialAction\":[{\"@type\":\"ReadAction\",\"target\":[\"https:\/\/hungariancleveland.org\/hu\/kossuth-szobor\/\"]}]},{\"@type\":\"ImageObject\",\"inLanguage\":\"hu\",\"@id\":\"https:\/\/hungariancleveland.org\/hu\/kossuth-szobor\/#primaryimage\",\"url\":\"https:\/\/hungariancleveland.org\/wp-content\/uploads\/2019\/07\/Lajos-Kossuth-Statue-in-Cleveland-1.jpg\",\"contentUrl\":\"https:\/\/hungariancleveland.org\/wp-content\/uploads\/2019\/07\/Lajos-Kossuth-Statue-in-Cleveland-1.jpg\",\"width\":2263,\"height\":1550,\"caption\":\"A clevelandi Kossuth-szobor leleplez\u00e9si \u00fcnnep\u00e9lye (K\u00f6z\u00e9pen \u00e1ll a sz\u00f3noki asztaln\u00e1l Johnson, Cleveland polg\u00e1rmestere, t\u00f5le jobbra Cerri olasz,konzul \u00fcl, mellette Perczel Lajos a szoborbizotts\u00e1g eln\u00f6ke \u00e1ll m\u00f6g\u00f6tte Zseni J\u00f3zsef, a kett\u00f5 k\u00f6z\u00f6tt Black C. J\u00f3zsef az eml\u00e9k\u00fcnnep eln\u00f6ke. A polg\u00e1rmestert\u00f5l balra Csutoros Elek clevelandi ref. lelk\u00e9sz \u00e1ll el\u00f5tte Nash, Ohio \u00e1llam korm\u00e1nyz\u00f3ja \u00fcl, ut\u00e1na balra Hanna szen\u00e1tor \u00e9s James Barnett t\u00e1bornok \u00fcl.)\"},{\"@type\":\"BreadcrumbList\",\"@id\":\"https:\/\/hungariancleveland.org\/hu\/kossuth-szobor\/#breadcrumb\",\"itemListElement\":[{\"@type\":\"ListItem\",\"position\":1,\"name\":\"Home\",\"item\":\"https:\/\/hungariancleveland.org\/hu\/\"},{\"@type\":\"ListItem\",\"position\":2,\"name\":\"Kossuth Lajos szobra Clevelandben\"}]},{\"@type\":\"WebSite\",\"@id\":\"https:\/\/hungariancleveland.org\/hu\/#website\",\"url\":\"https:\/\/hungariancleveland.org\/hu\/\",\"name\":\"United Hungarian Societies\",\"description\":\"n umbrella organization that unites the Greater Cleveland area Hungarian-American organizations\",\"potentialAction\":[{\"@type\":\"SearchAction\",\"target\":{\"@type\":\"EntryPoint\",\"urlTemplate\":\"https:\/\/hungariancleveland.org\/hu\/?s={search_term_string}\"},\"query-input\":{\"@type\":\"PropertyValueSpecification\",\"valueRequired\":true,\"valueName\":\"search_term_string\"}}],\"inLanguage\":\"hu\"}]}<\/script>\n<!-- \/ Yoast SEO plugin. -->","yoast_head_json":{"title":"Kossuth Lajos szobra Clevelandben - United Hungarian Societies","robots":{"index":"index","follow":"follow","max-snippet":"max-snippet:-1","max-image-preview":"max-image-preview:large","max-video-preview":"max-video-preview:-1"},"canonical":"https:\/\/hungariancleveland.org\/hu\/kossuth-szobor\/","og_locale":"hu_HU","og_type":"article","og_title":"Kossuth Lajos szobra Clevelandben - United Hungarian Societies","og_description":"Pictures and a Commemorative Book in Hungarian from the 1985 Restoration K\u00e9pal\u00e1\u00edr\u00e1s:\u00a0A clevelandi Kossuth-szobor leleplez\u00e9si \u00fcnnep\u00e9lye (K\u00f6z\u00e9pen \u00e1ll a sz\u00f3noki asztaln\u00e1l Johnson, Cleveland polg\u00e1rmestere, t\u0151le jobbra Cerri olasz,konzul \u00fcl, mellette [&hellip;]","og_url":"https:\/\/hungariancleveland.org\/hu\/kossuth-szobor\/","og_site_name":"United Hungarian Societies","og_image":[{"width":2263,"height":1550,"url":"https:\/\/hungariancleveland.org\/wp-content\/uploads\/2019\/07\/Lajos-Kossuth-Statue-in-Cleveland.jpg","type":"image\/jpeg"}],"twitter_card":"summary_large_image","twitter_misc":{"Becs\u00fclt olvas\u00e1si id\u0151":"2 perc"},"schema":{"@context":"https:\/\/schema.org","@graph":[{"@type":"WebPage","@id":"https:\/\/hungariancleveland.org\/hu\/kossuth-szobor\/","url":"https:\/\/hungariancleveland.org\/hu\/kossuth-szobor\/","name":"Kossuth Lajos szobra Clevelandben - United Hungarian Societies","isPartOf":{"@id":"https:\/\/hungariancleveland.org\/hu\/#website"},"primaryImageOfPage":{"@id":"https:\/\/hungariancleveland.org\/hu\/kossuth-szobor\/#primaryimage"},"image":{"@id":"https:\/\/hungariancleveland.org\/hu\/kossuth-szobor\/#primaryimage"},"thumbnailUrl":"https:\/\/hungariancleveland.org\/wp-content\/uploads\/2019\/07\/Lajos-Kossuth-Statue-in-Cleveland-1.jpg","datePublished":"2019-07-12T19:59:40+00:00","breadcrumb":{"@id":"https:\/\/hungariancleveland.org\/hu\/kossuth-szobor\/#breadcrumb"},"inLanguage":"hu","potentialAction":[{"@type":"ReadAction","target":["https:\/\/hungariancleveland.org\/hu\/kossuth-szobor\/"]}]},{"@type":"ImageObject","inLanguage":"hu","@id":"https:\/\/hungariancleveland.org\/hu\/kossuth-szobor\/#primaryimage","url":"https:\/\/hungariancleveland.org\/wp-content\/uploads\/2019\/07\/Lajos-Kossuth-Statue-in-Cleveland-1.jpg","contentUrl":"https:\/\/hungariancleveland.org\/wp-content\/uploads\/2019\/07\/Lajos-Kossuth-Statue-in-Cleveland-1.jpg","width":2263,"height":1550,"caption":"A clevelandi Kossuth-szobor leleplez\u00e9si \u00fcnnep\u00e9lye (K\u00f6z\u00e9pen \u00e1ll a sz\u00f3noki asztaln\u00e1l Johnson, Cleveland polg\u00e1rmestere, t\u00f5le jobbra Cerri olasz,konzul \u00fcl, mellette Perczel Lajos a szoborbizotts\u00e1g eln\u00f6ke \u00e1ll m\u00f6g\u00f6tte Zseni J\u00f3zsef, a kett\u00f5 k\u00f6z\u00f6tt Black C. J\u00f3zsef az eml\u00e9k\u00fcnnep eln\u00f6ke. A polg\u00e1rmestert\u00f5l balra Csutoros Elek clevelandi ref. lelk\u00e9sz \u00e1ll el\u00f5tte Nash, Ohio \u00e1llam korm\u00e1nyz\u00f3ja \u00fcl, ut\u00e1na balra Hanna szen\u00e1tor \u00e9s James Barnett t\u00e1bornok \u00fcl.)"},{"@type":"BreadcrumbList","@id":"https:\/\/hungariancleveland.org\/hu\/kossuth-szobor\/#breadcrumb","itemListElement":[{"@type":"ListItem","position":1,"name":"Home","item":"https:\/\/hungariancleveland.org\/hu\/"},{"@type":"ListItem","position":2,"name":"Kossuth Lajos szobra Clevelandben"}]},{"@type":"WebSite","@id":"https:\/\/hungariancleveland.org\/hu\/#website","url":"https:\/\/hungariancleveland.org\/hu\/","name":"United Hungarian Societies","description":"n umbrella organization that unites the Greater Cleveland area Hungarian-American organizations","potentialAction":[{"@type":"SearchAction","target":{"@type":"EntryPoint","urlTemplate":"https:\/\/hungariancleveland.org\/hu\/?s={search_term_string}"},"query-input":{"@type":"PropertyValueSpecification","valueRequired":true,"valueName":"search_term_string"}}],"inLanguage":"hu"}]}},"_links":{"self":[{"href":"https:\/\/hungariancleveland.org\/hu\/wp-json\/wp\/v2\/pages\/45828","targetHints":{"allow":["GET"]}}],"collection":[{"href":"https:\/\/hungariancleveland.org\/hu\/wp-json\/wp\/v2\/pages"}],"about":[{"href":"https:\/\/hungariancleveland.org\/hu\/wp-json\/wp\/v2\/types\/page"}],"author":[{"embeddable":true,"href":"https:\/\/hungariancleveland.org\/hu\/wp-json\/wp\/v2\/users\/1"}],"replies":[{"embeddable":true,"href":"https:\/\/hungariancleveland.org\/hu\/wp-json\/wp\/v2\/comments?post=45828"}],"version-history":[{"count":0,"href":"https:\/\/hungariancleveland.org\/hu\/wp-json\/wp\/v2\/pages\/45828\/revisions"}],"wp:featuredmedia":[{"embeddable":true,"href":"https:\/\/hungariancleveland.org\/hu\/wp-json\/wp\/v2\/media\/91244"}],"wp:attachment":[{"href":"https:\/\/hungariancleveland.org\/hu\/wp-json\/wp\/v2\/media?parent=45828"}],"curies":[{"name":"wp","href":"https:\/\/api.w.org\/{rel}","templated":true}]}}